{"id":987496399,"date":"2023-06-28T21:41:30","date_gmt":"2023-06-28T21:41:30","guid":{"rendered":"https:\/\/www.grupomentora.com\/progrentis\/?page_id=987496399"},"modified":"2025-04-30T17:45:37","modified_gmt":"2025-04-30T17:45:37","slug":"forum","status":"publish","type":"page","link":"https:\/\/www.grupomentora.com\/progrentis\/forum\/","title":{"rendered":"Campus Virtual F\u00f3rum"},"content":{"rendered":"<p>[et_pb_section fb_built=\u00bb1&#8243; fullwidth=\u00bbon\u00bb _builder_version=\u00bb4.18.0&#8243; _module_preset=\u00bbdefault\u00bb custom_margin=\u00bb||||false|false\u00bb global_colors_info=\u00bb{}\u00bb][et_pb_fullwidth_image src=\u00bbhttps:\/\/www.grupomentora.com\/progrentis\/wp-content\/uploads\/2023\/06\/banner-forum-page-02.png\u00bb title_text=\u00bbbanner forum page-02&#8243; _builder_version=\u00bb4.21.0&#8243; _module_preset=\u00bbdefault\u00bb global_colors_info=\u00bb{}\u00bb][\/et_pb_fullwidth_image][\/et_pb_section][et_pb_section fb_built=\u00bb1&#8243; disabled_on=\u00bboff|off|off\u00bb _builder_version=\u00bb4.21.0&#8243; _module_preset=\u00bbdefault\u00bb background_color=\u00bb#e7e7e7&#8243; custom_margin=\u00bb35px||||false|false\u00bb custom_padding=\u00bb||||false|false\u00bb custom_css_main_element=\u00bbz-index: 10&#8243; global_colors_info=\u00bb{}\u00bb][et_pb_row column_structure=\u00bb1_2,1_2&#8243; custom_padding_last_edited=\u00bbon|phone\u00bb _builder_version=\u00bb4.21.0&#8243; _module_preset=\u00bbdefault\u00bb width=\u00bb84vw\u00bb max_width=\u00bb84vw\u00bb custom_margin=\u00bb-6px|auto|-23px|auto|false|false\u00bb custom_margin_tablet=\u00bb-31px|auto|-23px|auto|false|false\u00bb custom_margin_phone=\u00bb-31px|0px|-23px|26px|false|false\u00bb custom_margin_last_edited=\u00bbon|phone\u00bb custom_padding=\u00bb0px||0px|||\u00bb custom_padding_tablet=\u00bb0px||0px|||\u00bb custom_padding_phone=\u00bb0px|0px|0px|0px|false|false\u00bb global_colors_info=\u00bb{}\u00bb][et_pb_column type=\u00bb1_2&#8243; _builder_version=\u00bb4.21.0&#8243; _module_preset=\u00bbdefault\u00bb custom_padding_tablet=\u00bb\u00bb custom_padding_phone=\u00bb|0px||0px|false|false\u00bb custom_padding_last_edited=\u00bbon|phone\u00bb global_colors_info=\u00bb{}\u00bb][et_pb_video src=\u00bbhttps:\/\/www.youtube.com\/watch?v=CmXQBu9t_u4&#8243; _builder_version=\u00bb4.27.4&#8243; _module_preset=\u00bbdefault\u00bb hover_enabled=\u00bb0&#8243; global_colors_info=\u00bb{}\u00bb sticky_enabled=\u00bb0&#8243;][\/et_pb_video][\/et_pb_column][et_pb_column type=\u00bb1_2&#8243; _builder_version=\u00bb4.21.0&#8243; _module_preset=\u00bbdefault\u00bb custom_padding_tablet=\u00bb\u00bb custom_padding_phone=\u00bb|0px||0px|false|false\u00bb custom_padding_last_edited=\u00bbon|desktop\u00bb global_colors_info=\u00bb{}\u00bb][et_pb_text content_tablet=\u00bb<\/p>\n<p style=%22text-align: left;%22><span style=%22color: #1d1d1b;%22>Grupo Mentora nace hace 10 a\u00f1os, somos una empresa que pretende impactar de manera positiva en la educaci\u00f3n de los ni\u00f1os y adolescentes, a trav\u00e9s de Progrentis,<strong> el gimnasio cerebral<\/strong>. Somos los distribuidores autorizados de esta <strong>soluci\u00f3n educativa digital.<\/strong><\/span><\/p>\n<p style=%22text-align: left;%22><span style=%22color: #1d1d1b;%22>Abrimos mercado inicialmente en Costa Rica, Nicaragua, Panam\u00e1, Rep\u00fablica Dominicana y muy pronto en Venezuela.<\/span><\/p>\n<p style=%22text-align: left;%22><span style=%22color: #1d1d1b;%22>Cada regi\u00f3n cuenta con equipos locales de<\/span><br \/><span style=%22color: #1d1d1b;%22>consultores educativos para un contacto directo con el sector.<\/span><\/p>\n<p style=%22text-align: left;%22><span style=%22color: #1d1d1b;%22>La prioridad de nuestro equipo es velar para que cada cliente alcance sus objetivos. <strong>Procuramos una educaci\u00f3n que sume para todos.<\/strong><\/span><\/p>\n<p>\u00bb content_phone=\u00bb<\/p>\n<p style=%22text-align: left;%22><span style=%22color: #1d1d1b;%22>Grupo Mentora nace hace 10 a\u00f1os, somos una empresa que pretende impactar de manera positiva en la educaci\u00f3n de los ni\u00f1os y adolescentes, a trav\u00e9s de Progrentis,<strong> el gimnasio cerebral<\/strong>. Somos los distribuidores autorizados de esta <strong>soluci\u00f3n educativa digital.<\/strong><\/span><\/p>\n<p style=%22text-align: left;%22><span style=%22color: #1d1d1b;%22>Abrimos mercado inicialmente en Costa Rica, Nicaragua, Panam\u00e1, Rep\u00fablica Dominicana y muy pronto en Venezuela.<\/span><\/p>\n<p style=%22text-align: left;%22><span style=%22color: #1d1d1b;%22>Cada regi\u00f3n cuenta con equipos locales de <\/span><span style=%22color: #1d1d1b;%22>consultores educativos para un contacto directo con el sector.<\/span><\/p>\n<p style=%22text-align: left;%22><span style=%22color: #1d1d1b;%22>La prioridad de nuestro equipo es velar para que cada cliente alcance sus objetivos. <strong>Procuramos una educaci\u00f3n que sume para todos.<\/strong><\/span><\/p>\n<p>\u00bb content_last_edited=\u00bbon|tablet\u00bb disabled_on=\u00bboff|off|off\u00bb _builder_version=\u00bb4.27.4&#8243; _module_preset=\u00bbdefault\u00bb text_font=\u00bbMontserrat||||||||\u00bb text_text_color=\u00bb#000000&#8243; text_font_size=\u00bb1.3vw\u00bb ul_font=\u00bb||||||||\u00bb header_font=\u00bbLemonB||||||||\u00bb header_2_font=\u00bbLemonB|700|||||||\u00bb header_2_font_size=\u00bb36px\u00bb header_2_line_height=\u00bb1.2em\u00bb header_3_font=\u00bb||||||||\u00bb width=\u00bb100%\u00bb width_tablet=\u00bb100%\u00bb width_phone=\u00bb100%\u00bb width_last_edited=\u00bbon|desktop\u00bb max_width_last_edited=\u00bboff|desktop\u00bb module_alignment=\u00bbcenter\u00bb custom_margin=\u00bb||32px|||\u00bb custom_margin_tablet=\u00bb32px||||false|false\u00bb custom_margin_phone=\u00bb26px||36px||false|false\u00bb custom_margin_last_edited=\u00bbon|tablet\u00bb custom_padding=\u00bb|0px||||\u00bb custom_padding_tablet=\u00bb|0px||||\u00bb custom_padding_phone=\u00bb0px|0px||0px|false|false\u00bb custom_padding_last_edited=\u00bbon|phone\u00bb hover_enabled=\u00bb0&#8243; text_font_size_tablet=\u00bb2.5vw\u00bb text_font_size_phone=\u00bb16px\u00bb text_font_size_last_edited=\u00bbon|phone\u00bb header_2_font_size_tablet=\u00bb35px\u00bb header_2_font_size_phone=\u00bb28px\u00bb header_2_font_size_last_edited=\u00bbon|desktop\u00bb text_orientation_tablet=\u00bb\u00bb text_orientation_phone=\u00bb\u00bb text_orientation_last_edited=\u00bbon|phone\u00bb global_colors_info=\u00bb{}\u00bb sticky_enabled=\u00bb0&#8243;]<\/p>\n<p><strong><\/strong><\/p>\n<p><strong>\u00a1Capac\u00edtate y a los docentes de tu Centro Educativo con nuestro equipo pedag\u00f3gico!<\/strong><\/p>\n<p><strong>Conoce Campus Virtual F\u00f3rum y descubre los temas en los que pueden capacitarse.<\/strong><\/p>\n<p><strong>Son m\u00e1s de 100 cursos y cuentan con la participaci\u00f3n de un panel internacional de expertos de clase mundial.<\/strong><\/p>\n<p><strong>Al finalizar cada curso recibir\u00e1n un diploma personal otorgado por el Departamento Pedag\u00f3gico de Progrentis.<\/strong><\/p>\n<p>[\/et_pb_text][et_pb_image src=\u00bbhttps:\/\/www.grupomentora.com\/progrentis\/wp-content\/uploads\/2023\/06\/boton-forum-03.png\u00bb title_text=\u00bbboton forum-03&#8243; url=\u00bbhttps:\/\/forum.progrentis.com\/\u00bb url_new_window=\u00bbon\u00bb align=\u00bbcenter\u00bb _builder_version=\u00bb4.21.0&#8243; _module_preset=\u00bbdefault\u00bb global_colors_info=\u00bb{}\u00bb][\/et_pb_image][\/et_pb_column][\/et_pb_row][\/et_pb_section][et_pb_section fb_built=\u00bb1&#8243; disabled_on=\u00bbon|on|off\u00bb admin_label=\u00bbWhat we do best Row\u00bb _builder_version=\u00bb4.21.0&#8243; _module_preset=\u00bbdefault\u00bb background_color=\u00bb#e7e7e7&#8243; custom_margin=\u00bb41px||-4px||false|false\u00bb custom_padding=\u00bb0px||15px||false|false\u00bb bottom_divider_style=\u00bbramp\u00bb bottom_divider_color=\u00bbRGBA(255,255,255,0)\u00bb bottom_divider_height=\u00bb236px\u00bb global_colors_info=\u00bb{}\u00bb][et_pb_row _builder_version=\u00bb4.16&#8243; _module_preset=\u00bbdefault\u00bb custom_padding=\u00bb||0px|||\u00bb global_colors_info=\u00bb{}\u00bb][et_pb_column type=\u00bb4_4&#8243; _builder_version=\u00bb4.16&#8243; _module_preset=\u00bbdefault\u00bb custom_padding=\u00bb|||\u00bb global_colors_info=\u00bb{}\u00bb custom_padding__hover=\u00bb|||\u00bb][\/et_pb_column][\/et_pb_row][\/et_pb_section]<\/p>\n","protected":false},"excerpt":{"rendered":"<p>\u00a1Capac\u00edtate y a los docentes de tu Centro Educativo con nuestro equipo pedag\u00f3gico! Conoce Campus Virtual F\u00f3rum y descubre los temas en los que pueden capacitarse. Son m\u00e1s de 100 cursos y cuentan con la participaci\u00f3n de un panel internacional de expertos de clase mundial. Al finalizar cada curso recibir\u00e1n un diploma personal otorgado por [&hellip;]<\/p>\n","protected":false},"author":7,"featured_media":0,"parent":0,"menu_order":0,"comment_status":"closed","ping_status":"closed","template":"","meta":{"_et_pb_use_builder":"on","_et_pb_old_content":"","_et_gb_content_width":"","jetpack_post_was_ever_published":false,"footnotes":""},"class_list":["post-987496399","page","type-page","status-publish","hentry"],"yoast_head":"<!-- This site is optimized with the Yoast SEO plugin v27.5 - https:\/\/yoast.com\/product\/yoast-seo-wordpress\/ -->\n<title>Campus Virtual F\u00f3rum - Mentora Progrentis<\/title>\n<meta name=\"robots\" content=\"index, follow, max-snippet:-1, max-image-preview:large, max-video-preview:-1\" \/>\n<link rel=\"canonical\" href=\"https:\/\/www.grupomentora.com\/progrentis\/forum\/\" \/>\n<meta property=\"og:locale\" content=\"es_ES\" \/>\n<meta property=\"og:type\" content=\"article\" \/>\n<meta property=\"og:title\" content=\"Campus Virtual F\u00f3rum - Mentora Progrentis\" \/>\n<meta property=\"og:description\" content=\"\u00a1Capac\u00edtate y a los docentes de tu Centro Educativo con nuestro equipo pedag\u00f3gico! Conoce Campus Virtual F\u00f3rum y descubre los temas en los que pueden capacitarse. Son m\u00e1s de 100 cursos y cuentan con la participaci\u00f3n de un panel internacional de expertos de clase mundial. Al finalizar cada curso recibir\u00e1n un diploma personal otorgado por [&hellip;]\" \/>\n<meta property=\"og:url\" content=\"https:\/\/www.grupomentora.com\/progrentis\/forum\/\" \/>\n<meta property=\"og:site_name\" content=\"Mentora Progrentis\" \/>\n<meta property=\"article:publisher\" content=\"https:\/\/www.facebook.com\/grupomentora\" \/>\n<meta property=\"article:modified_time\" content=\"2025-04-30T17:45:37+00:00\" \/>\n<meta name=\"twitter:card\" content=\"summary_large_image\" \/>\n<meta name=\"twitter:site\" content=\"@grupomentora\" \/>\n<meta name=\"twitter:label1\" content=\"Tiempo de lectura\" \/>\n\t<meta name=\"twitter:data1\" content=\"4 minutos\" \/>\n<script type=\"application\/ld+json\" class=\"yoast-schema-graph\">{\"@context\":\"https:\\\/\\\/schema.org\",\"@graph\":[{\"@type\":\"WebPage\",\"@id\":\"https:\\\/\\\/www.grupomentora.com\\\/progrentis\\\/forum\\\/\",\"url\":\"https:\\\/\\\/www.grupomentora.com\\\/progrentis\\\/forum\\\/\",\"name\":\"Campus Virtual F\u00f3rum - Mentora Progrentis\",\"isPartOf\":{\"@id\":\"https:\\\/\\\/www.grupomentora.com\\\/progrentis\\\/#website\"},\"datePublished\":\"2023-06-28T21:41:30+00:00\",\"dateModified\":\"2025-04-30T17:45:37+00:00\",\"inLanguage\":\"es\",\"potentialAction\":[{\"@type\":\"ReadAction\",\"target\":[\"https:\\\/\\\/www.grupomentora.com\\\/progrentis\\\/forum\\\/\"]}]},{\"@type\":\"WebSite\",\"@id\":\"https:\\\/\\\/www.grupomentora.com\\\/progrentis\\\/#website\",\"url\":\"https:\\\/\\\/www.grupomentora.com\\\/progrentis\\\/\",\"name\":\"Grupo Mentora Progrentis\",\"description\":\"Del conocimiento a las destrezas\",\"potentialAction\":[{\"@type\":\"SearchAction\",\"target\":{\"@type\":\"EntryPoint\",\"urlTemplate\":\"https:\\\/\\\/www.grupomentora.com\\\/progrentis\\\/?s={search_term_string}\"},\"query-input\":{\"@type\":\"PropertyValueSpecification\",\"valueRequired\":true,\"valueName\":\"search_term_string\"}}],\"inLanguage\":\"es\"}]}<\/script>\n<!-- \/ Yoast SEO plugin. -->","yoast_head_json":{"title":"Campus Virtual F\u00f3rum - Mentora Progrentis","robots":{"index":"index","follow":"follow","max-snippet":"max-snippet:-1","max-image-preview":"max-image-preview:large","max-video-preview":"max-video-preview:-1"},"canonical":"https:\/\/www.grupomentora.com\/progrentis\/forum\/","og_locale":"es_ES","og_type":"article","og_title":"Campus Virtual F\u00f3rum - Mentora Progrentis","og_description":"\u00a1Capac\u00edtate y a los docentes de tu Centro Educativo con nuestro equipo pedag\u00f3gico! Conoce Campus Virtual F\u00f3rum y descubre los temas en los que pueden capacitarse. Son m\u00e1s de 100 cursos y cuentan con la participaci\u00f3n de un panel internacional de expertos de clase mundial. Al finalizar cada curso recibir\u00e1n un diploma personal otorgado por [&hellip;]","og_url":"https:\/\/www.grupomentora.com\/progrentis\/forum\/","og_site_name":"Mentora Progrentis","article_publisher":"https:\/\/www.facebook.com\/grupomentora","article_modified_time":"2025-04-30T17:45:37+00:00","twitter_card":"summary_large_image","twitter_site":"@grupomentora","twitter_misc":{"Tiempo de lectura":"4 minutos"},"schema":{"@context":"https:\/\/schema.org","@graph":[{"@type":"WebPage","@id":"https:\/\/www.grupomentora.com\/progrentis\/forum\/","url":"https:\/\/www.grupomentora.com\/progrentis\/forum\/","name":"Campus Virtual F\u00f3rum - Mentora Progrentis","isPartOf":{"@id":"https:\/\/www.grupomentora.com\/progrentis\/#website"},"datePublished":"2023-06-28T21:41:30+00:00","dateModified":"2025-04-30T17:45:37+00:00","inLanguage":"es","potentialAction":[{"@type":"ReadAction","target":["https:\/\/www.grupomentora.com\/progrentis\/forum\/"]}]},{"@type":"WebSite","@id":"https:\/\/www.grupomentora.com\/progrentis\/#website","url":"https:\/\/www.grupomentora.com\/progrentis\/","name":"Grupo Mentora Progrentis","description":"Del conocimiento a las destrezas","potentialAction":[{"@type":"SearchAction","target":{"@type":"EntryPoint","urlTemplate":"https:\/\/www.grupomentora.com\/progrentis\/?s={search_term_string}"},"query-input":{"@type":"PropertyValueSpecification","valueRequired":true,"valueName":"search_term_string"}}],"inLanguage":"es"}]}},"jetpack-related-posts":[{"id":987495564,"url":"https:\/\/www.grupomentora.com\/progrentis\/blog-mentora\/","url_meta":{"origin":987496399,"position":0},"title":"Blog","author":"Michael Parrales","date":"septiembre 27, 2022","format":false,"excerpt":"","rel":"","context":"Entrada similar","block_context":{"text":"Entrada similar","link":""},"img":{"alt_text":"","src":"","width":0,"height":0},"classes":[]},{"id":105693,"url":"https:\/\/www.grupomentora.com\/progrentis\/","url_meta":{"origin":987496399,"position":1},"title":"Inicio","author":"Grupo Mentora","date":"mayo 10, 2022","format":false,"excerpt":"","rel":"","context":"Entrada similar","block_context":{"text":"Entrada similar","link":""},"img":{"alt_text":"","src":"","width":0,"height":0},"classes":[]}],"jetpack_sharing_enabled":true,"_links":{"self":[{"href":"https:\/\/www.grupomentora.com\/progrentis\/wp-json\/wp\/v2\/pages\/987496399","targetHints":{"allow":["GET"]}}],"collection":[{"href":"https:\/\/www.grupomentora.com\/progrentis\/wp-json\/wp\/v2\/pages"}],"about":[{"href":"https:\/\/www.grupomentora.com\/progrentis\/wp-json\/wp\/v2\/types\/page"}],"author":[{"embeddable":true,"href":"https:\/\/www.grupomentora.com\/progrentis\/wp-json\/wp\/v2\/users\/7"}],"replies":[{"embeddable":true,"href":"https:\/\/www.grupomentora.com\/progrentis\/wp-json\/wp\/v2\/comments?post=987496399"}],"version-history":[{"count":14,"href":"https:\/\/www.grupomentora.com\/progrentis\/wp-json\/wp\/v2\/pages\/987496399\/revisions"}],"predecessor-version":[{"id":987496655,"href":"https:\/\/www.grupomentora.com\/progrentis\/wp-json\/wp\/v2\/pages\/987496399\/revisions\/987496655"}],"wp:attachment":[{"href":"https:\/\/www.grupomentora.com\/progrentis\/wp-json\/wp\/v2\/media?parent=987496399"}],"curies":[{"name":"wp","href":"https:\/\/api.w.org\/{rel}","templated":true}]}}